{"id":118,"date":"2018-12-28T14:07:45","date_gmt":"2018-12-28T13:07:45","guid":{"rendered":"http:\/\/192.168.0.47\/ChouetteEnvol\/?page_id=118"},"modified":"2020-07-01T09:36:57","modified_gmt":"2020-07-01T07:36:57","slug":"un-outil-pour-les-equipes-soignantes","status":"publish","type":"page","link":"https:\/\/www.chouetteenvol.fr\/index.php\/un-outil-pour-les-equipes-soignantes\/","title":{"rendered":"Une m\u00e9diation pour les \u00e9quipes soignantes du CHU de Dijon"},"content":{"rendered":"\n<p>L\u2019h\u00f4pital d&rsquo;enfant du CHU de Dijon int\u00e8gre depuis 2016 le parapente dans le parcours de soin par l&rsquo;interm\u00e9diaire de m\u00e9diations.<\/p>\n\n\n\n<p><\/p>\n\n\n\n<p><strong>CHU<\/strong><br>L\u2019h\u00f4pital d\u2019enfant du Centre Hospitalier Universitaire de Dijon int\u00e8gre le parapente dans son parcours de soin&nbsp;dans le cadre de m\u00e9diation. Toutes les facettes relationnelles induites par le vol libre sont utilis\u00e9es par l\u2019\u00e9quipe soignante&nbsp;: faire confiance, valorisation, regard de l\u2019autre, maitrise de soin, gestion de l\u2019attente voire de la frustration si les conditions ne sont pas optimales. L\u2019apprentissage de la gestion de la frustration est un point central du projet CHU. \u00ab&nbsp;Je veux tout, tout de suite&nbsp;\u00bb doit faire face au principe de r\u00e9alit\u00e9, ici la m\u00e9t\u00e9orologie. En sch\u00e9matisant \u00e0 l\u2019extr\u00eame, ce n\u2019est pas les parents, le soignant ou le moniteur qui d\u00e9cident, mais les oiseaux&nbsp;!&nbsp; \u00ab&nbsp;Si les oiseaux ne volent pas pourquoi le ferions-nous&nbsp;?&nbsp;\u00bb L\u2019enfant apprend donc \u00e0 mieux g\u00e9rer son impatience, ses \u00e9motions. L\u2019exp\u00e9rience parapente sert d\u2019outil pour l\u2019\u00e9quipe soignante lors de leurs consultations en h\u00f4pital&nbsp;: \u00ab&nbsp;je ne sais pas me maitriser, je sais que je dois, mais &nbsp;je ne sais pas \u00bb \u00ab&nbsp;mais si, rappelle toi ton&nbsp; vol en parapente, tu as su te g\u00e9rer pendant toute la pr\u00e9paration et le vol. Je sais que tu es capable et, toi aussi, tu le sais!&nbsp;\u00bb <br><\/p>\n\n\n\n<figure class=\"wp-block-embed-youtube wp-block-embed is-type-video is-provider-youtube wp-embed-aspect-16-9 wp-has-aspect-ratio\"><div class=\"wp-block-embed__wrapper\">\n<iframe loading=\"lazy\" title=\"M\u00e9diation 2017\" width=\"640\" height=\"360\" src=\"https:\/\/www.youtube.com\/embed\/kVqFAYE0KLI?feature=oembed\" frameborder=\"0\" allow=\"accelerometer; autoplay; clipboard-write; encrypted-media; gyroscope; picture-in-picture; web-share\" referrerpolicy=\"strict-origin-when-cross-origin\" allowfullscreen><\/iframe>\n<\/div><\/figure>\n","protected":false},"excerpt":{"rendered":"<p>L\u2019h\u00f4pital d&rsquo;enfant du CHU de Dijon int\u00e8gre depuis 2016 le parapente dans le parcours de soin par l&rsquo;interm\u00e9diaire de m\u00e9diations. CHUL\u2019h\u00f4pital d\u2019enfant du Centre Hospitalier Universitaire de Dijon int\u00e8gre le [&hellip;]<\/p>\n","protected":false},"author":4,"featured_media":348,"parent":0,"menu_order":0,"comment_status":"closed","ping_status":"closed","template":"","meta":{"footnotes":""},"class_list":["post-118","page","type-page","status-publish","has-post-thumbnail","hentry"],"_links":{"self":[{"href":"https:\/\/www.chouetteenvol.fr\/index.php\/wp-json\/wp\/v2\/pages\/118","targetHints":{"allow":["GET"]}}],"collection":[{"href":"https:\/\/www.chouetteenvol.fr\/index.php\/wp-json\/wp\/v2\/pages"}],"about":[{"href":"https:\/\/www.chouetteenvol.fr\/index.php\/wp-json\/wp\/v2\/types\/page"}],"author":[{"embeddable":true,"href":"https:\/\/www.chouetteenvol.fr\/index.php\/wp-json\/wp\/v2\/users\/4"}],"replies":[{"embeddable":true,"href":"https:\/\/www.chouetteenvol.fr\/index.php\/wp-json\/wp\/v2\/comments?post=118"}],"version-history":[{"count":12,"href":"https:\/\/www.chouetteenvol.fr\/index.php\/wp-json\/wp\/v2\/pages\/118\/revisions"}],"predecessor-version":[{"id":644,"href":"https:\/\/www.chouetteenvol.fr\/index.php\/wp-json\/wp\/v2\/pages\/118\/revisions\/644"}],"wp:featuredmedia":[{"embeddable":true,"href":"https:\/\/www.chouetteenvol.fr\/index.php\/wp-json\/wp\/v2\/media\/348"}],"wp:attachment":[{"href":"https:\/\/www.chouetteenvol.fr\/index.php\/wp-json\/wp\/v2\/media?parent=118"}],"curies":[{"name":"wp","href":"https:\/\/api.w.org\/{rel}","templated":true}]}}